{"id":3562,"date":"2019-10-21T15:37:00","date_gmt":"2019-10-21T13:37:00","guid":{"rendered":"https:\/\/www.verapu.re\/product\/3562\/"},"modified":"2019-12-13T11:41:49","modified_gmt":"2019-12-13T10:41:49","slug":"glasvase-jahrgang","status":"publish","type":"product","link":"https:\/\/www.vertessi.com\/de\/produkt\/glasvase-jahrgang\/","title":{"rendered":"Vase Jahrgang"},"content":{"rendered":"<p>Gewicht: 700gr, H\u00f6he: 14,5cm, Breite: 9,5cm<\/p>\n<p>Material: Glas<\/p>\n","protected":false},"excerpt":{"rendered":"<p><span style=\"font-weight: 400;\">Man k\u00f6nnte es auch ein kleines Kunstwerk nennen, welches eine Funktion erf\u00fcllt.\u00a0<\/span><\/p>\n<p><span style=\"font-weight: 400;\">Unsere \u201c<\/span><span style=\"font-weight: 400;\">Limited edition\u00a0<\/span><span style=\"font-weight: 400;\">Vase\u201d ist in ihrer spektakul\u00e4ren Glasqualit\u00e4t schwer genug, um ein Gegengewicht zu einem Ast oder schweren Blumenst\u00e4ngel zu bieten- trotz ihrer Kleinheit. Diese bietet wiederum f\u00fcr zarte Blumen oder kleine Str\u00e4u\u00dfe genau die richtige Gr\u00f6\u00dfe. <\/span><\/p>\n<p><span style=\"font-weight: 400;\">Die Ausdruckskraft dieser Vase umschmeichelt jedes Gr\u00fcn; nehmen Sie im Vorbeigehen ein Unkraut mit\u2026. et voil\u00e1: es schaut gro\u00dfartig aus in unserer \u201cLimited Vase\u201d. <\/span><\/p>\n<p><span style=\"font-weight: 400;\">Woche f\u00fcr Woche gibt es weniger von ihnen, denn es handelt sich um eine limitierte Auflage. Nur 100 St\u00fcck wurden aus makellosem Glas mit Facetten gearbeitet, was je nach Lichteinfall starke Regenbogenfarben in den Raum wirft.\u00a0<\/span><\/p>\n<p><span style=\"font-weight: 400;\">Jede dieser 100 Vasen hat ihre Nummer und ist von Vera signiert worden.\u00a0<\/span><\/p>\n<p><span style=\"font-weight: 400;\">F\u00fchlen Sie Sich frei, auch f\u00fcr E\u00dfst\u00e4bchen oder Stifte in der Vase zu platzieren!\u00a0<\/span><span style=\"font-weight: 400;\">Auch kleine \u00dcberraschungsgeschenke k\u00f6nnen unauff\u00e4llig \u201cvor dem Auge\u201d des Beschenkten versteckt werden. <\/span><\/p>\n","protected":false},"featured_media":3511,"template":"","meta":{"_acf_changed":false},"product_brand":[],"product_cat":[127,115],"product_tag":[],"class_list":{"0":"post-3562","1":"product","2":"type-product","3":"status-publish","4":"has-post-thumbnail","6":"product_cat-sunwhisper","7":"product_cat-vasen","9":"first","10":"instock","11":"taxable","12":"shipping-taxable","13":"purchasable","14":"product-type-simple"},"acf":[],"yoast_head":"<!-- This site is optimized with the Yoast SEO plugin v26.3 - https:\/\/yoast.com\/wordpress\/plugins\/seo\/ -->\n<title>Vase Jahrgang - Vertessi - Edles Besteck &amp; extravagante Gl\u00e4ser<\/title>\n<meta name=\"robots\" content=\"index, follow, max-snippet:-1, max-image-preview:large, max-video-preview:-1\" \/>\n<link rel=\"canonical\" href=\"https:\/\/www.vertessi.com\/de\/produkt\/glasvase-jahrgang\/\" \/>\n<meta property=\"og:locale\" content=\"de_DE\" \/>\n<meta property=\"og:type\" content=\"article\" \/>\n<meta property=\"og:title\" content=\"Vase Jahrgang - Vertessi - Edles Besteck &amp; extravagante Gl\u00e4ser\" \/>\n<meta property=\"og:description\" content=\"Man k\u00f6nnte es auch ein kleines Kunstwerk nennen, welches eine Funktion erf\u00fcllt.\u00a0  Unsere \u201cLimited edition\u00a0Vase\u201d ist in ihrer spektakul\u00e4ren Glasqualit\u00e4t schwer genug, um ein Gegengewicht zu einem Ast oder schweren Blumenst\u00e4ngel zu bieten- trotz ihrer Kleinheit. Diese bietet wiederum f\u00fcr zarte Blumen oder kleine Str\u00e4u\u00dfe genau die richtige Gr\u00f6\u00dfe.   Die Ausdruckskraft dieser Vase umschmeichelt jedes Gr\u00fcn; nehmen Sie im Vorbeigehen ein Unkraut mit\u2026. et voil\u00e1: es schaut gro\u00dfartig aus in unserer \u201cLimited Vase\u201d.   Woche f\u00fcr Woche gibt es weniger von ihnen, denn es handelt sich um eine limitierte Auflage. Nur 100 St\u00fcck wurden aus makellosem Glas mit Facetten gearbeitet, was je nach Lichteinfall starke Regenbogenfarben in den Raum wirft.\u00a0  Jede dieser 100 Vasen hat ihre Nummer und ist von Vera signiert worden.\u00a0  F\u00fchlen Sie Sich frei, auch f\u00fcr E\u00dfst\u00e4bchen oder Stifte in der Vase zu platzieren!\u00a0Auch kleine \u00dcberraschungsgeschenke k\u00f6nnen unauff\u00e4llig \u201cvor dem Auge\u201d des Beschenkten versteckt werden.\" \/>\n<meta property=\"og:url\" content=\"https:\/\/www.vertessi.com\/de\/produkt\/glasvase-jahrgang\/\" \/>\n<meta property=\"og:site_name\" content=\"Vertessi - Edles Besteck &amp; extravagante Gl\u00e4ser\" \/>\n<meta property=\"article:modified_time\" content=\"2019-12-13T10:41:49+00:00\" \/>\n<meta property=\"og:image\" content=\"https:\/\/www.vertessi.com\/wp-content\/uploads\/2019\/10\/VERA-PURE-Limited-Edition-Vase-Glass-art-\u00a9-lexander-Bayer1-1024x1024.jpg\" \/>\n\t<meta property=\"og:image:width\" content=\"1024\" \/>\n\t<meta property=\"og:image:height\" content=\"1024\" \/>\n\t<meta property=\"og:image:type\" content=\"image\/jpeg\" \/>\n<meta name=\"twitter:card\" content=\"summary_large_image\" \/>\n<script type=\"application\/ld+json\" class=\"yoast-schema-graph\">{\"@context\":\"https:\/\/schema.org\",\"@graph\":[{\"@type\":\"WebPage\",\"@id\":\"https:\/\/www.vertessi.com\/de\/produkt\/glasvase-jahrgang\/\",\"url\":\"https:\/\/www.vertessi.com\/de\/produkt\/glasvase-jahrgang\/\",\"name\":\"Vase Jahrgang - Vertessi - Edles Besteck & extravagante Gl\u00e4ser\",\"isPartOf\":{\"@id\":\"https:\/\/www.vertessi.com\/en\/#website\"},\"primaryImageOfPage\":{\"@id\":\"https:\/\/www.vertessi.com\/de\/produkt\/glasvase-jahrgang\/#primaryimage\"},\"image\":{\"@id\":\"https:\/\/www.vertessi.com\/de\/produkt\/glasvase-jahrgang\/#primaryimage\"},\"thumbnailUrl\":\"https:\/\/www.vertessi.com\/wp-content\/uploads\/2019\/10\/VERA-PURE-Limited-Edition-Vase-Glass-art-\u00a9-lexander-Bayer1.jpg\",\"datePublished\":\"2019-10-21T13:37:00+00:00\",\"dateModified\":\"2019-12-13T10:41:49+00:00\",\"breadcrumb\":{\"@id\":\"https:\/\/www.vertessi.com\/de\/produkt\/glasvase-jahrgang\/#breadcrumb\"},\"inLanguage\":\"de\",\"potentialAction\":[{\"@type\":\"ReadAction\",\"target\":[\"https:\/\/www.vertessi.com\/de\/produkt\/glasvase-jahrgang\/\"]}]},{\"@type\":\"ImageObject\",\"inLanguage\":\"de\",\"@id\":\"https:\/\/www.vertessi.com\/de\/produkt\/glasvase-jahrgang\/#primaryimage\",\"url\":\"https:\/\/www.vertessi.com\/wp-content\/uploads\/2019\/10\/VERA-PURE-Limited-Edition-Vase-Glass-art-\u00a9-lexander-Bayer1.jpg\",\"contentUrl\":\"https:\/\/www.vertessi.com\/wp-content\/uploads\/2019\/10\/VERA-PURE-Limited-Edition-Vase-Glass-art-\u00a9-lexander-Bayer1.jpg\",\"width\":5507,\"height\":5507},{\"@type\":\"BreadcrumbList\",\"@id\":\"https:\/\/www.vertessi.com\/de\/produkt\/glasvase-jahrgang\/#breadcrumb\",\"itemListElement\":[{\"@type\":\"ListItem\",\"position\":1,\"name\":\"Startseite\",\"item\":\"https:\/\/www.vertessi.com\/de\/\"},{\"@type\":\"ListItem\",\"position\":2,\"name\":\"Vase Jahrgang\"}]},{\"@type\":\"WebSite\",\"@id\":\"https:\/\/www.vertessi.com\/en\/#website\",\"url\":\"https:\/\/www.vertessi.com\/en\/\",\"name\":\"Vertessi - Edles Besteck & extravagante Gl\u00e4ser\",\"description\":\"\",\"publisher\":{\"@id\":\"https:\/\/www.vertessi.com\/en\/#organization\"},\"potentialAction\":[{\"@type\":\"SearchAction\",\"target\":{\"@type\":\"EntryPoint\",\"urlTemplate\":\"https:\/\/www.vertessi.com\/en\/?s={search_term_string}\"},\"query-input\":{\"@type\":\"PropertyValueSpecification\",\"valueRequired\":true,\"valueName\":\"search_term_string\"}}],\"inLanguage\":\"de\"},{\"@type\":\"Organization\",\"@id\":\"https:\/\/www.vertessi.com\/en\/#organization\",\"name\":\"Vertessi\",\"url\":\"https:\/\/www.vertessi.com\/en\/\",\"logo\":{\"@type\":\"ImageObject\",\"inLanguage\":\"de\",\"@id\":\"https:\/\/www.vertessi.com\/en\/#\/schema\/logo\/image\/\",\"url\":\"https:\/\/www.vertessi.com\/wp-content\/uploads\/2018\/11\/verapure.png\",\"contentUrl\":\"https:\/\/www.vertessi.com\/wp-content\/uploads\/2018\/11\/verapure.png\",\"width\":1000,\"height\":1000,\"caption\":\"Vertessi\"},\"image\":{\"@id\":\"https:\/\/www.vertessi.com\/en\/#\/schema\/logo\/image\/\"}}]}<\/script>\n<!-- \/ Yoast SEO plugin. -->","yoast_head_json":{"title":"Vase Jahrgang - Vertessi - Edles Besteck & extravagante Gl\u00e4ser","robots":{"index":"index","follow":"follow","max-snippet":"max-snippet:-1","max-image-preview":"max-image-preview:large","max-video-preview":"max-video-preview:-1"},"canonical":"https:\/\/www.vertessi.com\/de\/produkt\/glasvase-jahrgang\/","og_locale":"de_DE","og_type":"article","og_title":"Vase Jahrgang - Vertessi - Edles Besteck & extravagante Gl\u00e4ser","og_description":"Man k\u00f6nnte es auch ein kleines Kunstwerk nennen, welches eine Funktion erf\u00fcllt.\u00a0  Unsere \u201cLimited edition\u00a0Vase\u201d ist in ihrer spektakul\u00e4ren Glasqualit\u00e4t schwer genug, um ein Gegengewicht zu einem Ast oder schweren Blumenst\u00e4ngel zu bieten- trotz ihrer Kleinheit. Diese bietet wiederum f\u00fcr zarte Blumen oder kleine Str\u00e4u\u00dfe genau die richtige Gr\u00f6\u00dfe.   Die Ausdruckskraft dieser Vase umschmeichelt jedes Gr\u00fcn; nehmen Sie im Vorbeigehen ein Unkraut mit\u2026. et voil\u00e1: es schaut gro\u00dfartig aus in unserer \u201cLimited Vase\u201d.   Woche f\u00fcr Woche gibt es weniger von ihnen, denn es handelt sich um eine limitierte Auflage. Nur 100 St\u00fcck wurden aus makellosem Glas mit Facetten gearbeitet, was je nach Lichteinfall starke Regenbogenfarben in den Raum wirft.\u00a0  Jede dieser 100 Vasen hat ihre Nummer und ist von Vera signiert worden.\u00a0  F\u00fchlen Sie Sich frei, auch f\u00fcr E\u00dfst\u00e4bchen oder Stifte in der Vase zu platzieren!\u00a0Auch kleine \u00dcberraschungsgeschenke k\u00f6nnen unauff\u00e4llig \u201cvor dem Auge\u201d des Beschenkten versteckt werden.","og_url":"https:\/\/www.vertessi.com\/de\/produkt\/glasvase-jahrgang\/","og_site_name":"Vertessi - Edles Besteck & extravagante Gl\u00e4ser","article_modified_time":"2019-12-13T10:41:49+00:00","og_image":[{"width":1024,"height":1024,"url":"https:\/\/www.vertessi.com\/wp-content\/uploads\/2019\/10\/VERA-PURE-Limited-Edition-Vase-Glass-art-\u00a9-lexander-Bayer1-1024x1024.jpg","type":"image\/jpeg"}],"twitter_card":"summary_large_image","schema":{"@context":"https:\/\/schema.org","@graph":[{"@type":"WebPage","@id":"https:\/\/www.vertessi.com\/de\/produkt\/glasvase-jahrgang\/","url":"https:\/\/www.vertessi.com\/de\/produkt\/glasvase-jahrgang\/","name":"Vase Jahrgang - Vertessi - Edles Besteck & extravagante Gl\u00e4ser","isPartOf":{"@id":"https:\/\/www.vertessi.com\/en\/#website"},"primaryImageOfPage":{"@id":"https:\/\/www.vertessi.com\/de\/produkt\/glasvase-jahrgang\/#primaryimage"},"image":{"@id":"https:\/\/www.vertessi.com\/de\/produkt\/glasvase-jahrgang\/#primaryimage"},"thumbnailUrl":"https:\/\/www.vertessi.com\/wp-content\/uploads\/2019\/10\/VERA-PURE-Limited-Edition-Vase-Glass-art-\u00a9-lexander-Bayer1.jpg","datePublished":"2019-10-21T13:37:00+00:00","dateModified":"2019-12-13T10:41:49+00:00","breadcrumb":{"@id":"https:\/\/www.vertessi.com\/de\/produkt\/glasvase-jahrgang\/#breadcrumb"},"inLanguage":"de","potentialAction":[{"@type":"ReadAction","target":["https:\/\/www.vertessi.com\/de\/produkt\/glasvase-jahrgang\/"]}]},{"@type":"ImageObject","inLanguage":"de","@id":"https:\/\/www.vertessi.com\/de\/produkt\/glasvase-jahrgang\/#primaryimage","url":"https:\/\/www.vertessi.com\/wp-content\/uploads\/2019\/10\/VERA-PURE-Limited-Edition-Vase-Glass-art-\u00a9-lexander-Bayer1.jpg","contentUrl":"https:\/\/www.vertessi.com\/wp-content\/uploads\/2019\/10\/VERA-PURE-Limited-Edition-Vase-Glass-art-\u00a9-lexander-Bayer1.jpg","width":5507,"height":5507},{"@type":"BreadcrumbList","@id":"https:\/\/www.vertessi.com\/de\/produkt\/glasvase-jahrgang\/#breadcrumb","itemListElement":[{"@type":"ListItem","position":1,"name":"Startseite","item":"https:\/\/www.vertessi.com\/de\/"},{"@type":"ListItem","position":2,"name":"Vase Jahrgang"}]},{"@type":"WebSite","@id":"https:\/\/www.vertessi.com\/en\/#website","url":"https:\/\/www.vertessi.com\/en\/","name":"Vertessi - Edles Besteck & extravagante Gl\u00e4ser","description":"","publisher":{"@id":"https:\/\/www.vertessi.com\/en\/#organization"},"potentialAction":[{"@type":"SearchAction","target":{"@type":"EntryPoint","urlTemplate":"https:\/\/www.vertessi.com\/en\/?s={search_term_string}"},"query-input":{"@type":"PropertyValueSpecification","valueRequired":true,"valueName":"search_term_string"}}],"inLanguage":"de"},{"@type":"Organization","@id":"https:\/\/www.vertessi.com\/en\/#organization","name":"Vertessi","url":"https:\/\/www.vertessi.com\/en\/","logo":{"@type":"ImageObject","inLanguage":"de","@id":"https:\/\/www.vertessi.com\/en\/#\/schema\/logo\/image\/","url":"https:\/\/www.vertessi.com\/wp-content\/uploads\/2018\/11\/verapure.png","contentUrl":"https:\/\/www.vertessi.com\/wp-content\/uploads\/2018\/11\/verapure.png","width":1000,"height":1000,"caption":"Vertessi"},"image":{"@id":"https:\/\/www.vertessi.com\/en\/#\/schema\/logo\/image\/"}}]}},"jetpack_sharing_enabled":true,"_links":{"self":[{"href":"https:\/\/www.vertessi.com\/de\/wp-json\/wp\/v2\/product\/3562","targetHints":{"allow":["GET"]}}],"collection":[{"href":"https:\/\/www.vertessi.com\/de\/wp-json\/wp\/v2\/product"}],"about":[{"href":"https:\/\/www.vertessi.com\/de\/wp-json\/wp\/v2\/types\/product"}],"wp:featuredmedia":[{"embeddable":true,"href":"https:\/\/www.vertessi.com\/de\/wp-json\/wp\/v2\/media\/3511"}],"wp:attachment":[{"href":"https:\/\/www.vertessi.com\/de\/wp-json\/wp\/v2\/media?parent=3562"}],"wp:term":[{"taxonomy":"product_brand","embeddable":true,"href":"https:\/\/www.vertessi.com\/de\/wp-json\/wp\/v2\/product_brand?post=3562"},{"taxonomy":"product_cat","embeddable":true,"href":"https:\/\/www.vertessi.com\/de\/wp-json\/wp\/v2\/product_cat?post=3562"},{"taxonomy":"product_tag","embeddable":true,"href":"https:\/\/www.vertessi.com\/de\/wp-json\/wp\/v2\/product_tag?post=3562"}],"curies":[{"name":"wp","href":"https:\/\/api.w.org\/{rel}","templated":true}]}}